{"id":8230,"date":"2023-01-17T11:26:09","date_gmt":"2023-01-17T11:26:09","guid":{"rendered":"https:\/\/helpnet.rs\/biographies\/"},"modified":"2023-04-10T12:10:20","modified_gmt":"2023-04-10T12:10:20","slug":"biographies","status":"publish","type":"page","link":"https:\/\/helpnet.rs\/en\/biographies\/","title":{"rendered":"Biographies"},"content":{"rendered":"\t\t<div data-elementor-type=\"wp-page\" data-elementor-id=\"8230\" class=\"elementor elementor-8230 elementor-5374\" data-elementor-post-type=\"page\">\n\t\t\t\t\t\t<section class=\"elementor-section elementor-top-section elementor-element elementor-element-1db83372 elementor-section-height-min-height elementor-section-boxed elementor-section-height-default elementor-section-items-middle\" data-id=\"1db83372\" data-element_type=\"section\" data-e-type=\"section\" data-settings=\"{&quot;background_background&quot;:&quot;classic&quot;}\">\n\t\t\t\t\t\t\t<div class=\"elementor-background-overlay\"><\/div>\n\t\t\t\t\t\t\t<div class=\"elementor-container elementor-column-gap-default\">\n\t\t\t\t\t<div class=\"elementor-column elementor-col-100 elementor-top-column elementor-element elementor-element-4b0c59d\" data-id=\"4b0c59d\" data-element_type=\"column\" data-e-type=\"column\">\n\t\t\t<div class=\"elementor-widget-wrap elementor-element-populated\">\n\t\t\t\t\t\t<div class=\"elementor-element elementor-element-69c190c7 elementor-widget elementor-widget-heading\" data-id=\"69c190c7\" data-element_type=\"widget\" data-e-type=\"widget\" data-widget_type=\"heading.default\">\n\t\t\t\t<div class=\"elementor-widget-container\">\n\t\t\t\t\t<h1 class=\"elementor-heading-title elementor-size-default\">Biographies<\/h1>\t\t\t\t<\/div>\n\t\t\t\t<\/div>\n\t\t\t\t\t<\/div>\n\t\t<\/div>\n\t\t\t\t\t<\/div>\n\t\t<\/section>\n\t\t\t\t<section class=\"elementor-section elementor-top-section elementor-element elementor-element-5974271 elementor-section-boxed elementor-section-height-default elementor-section-height-default\" data-id=\"5974271\" data-element_type=\"section\" data-e-type=\"section\">\n\t\t\t\t\t\t<div class=\"elementor-container elementor-column-gap-default\">\n\t\t\t\t\t<div class=\"elementor-column elementor-col-100 elementor-top-column elementor-element elementor-element-1609d0e\" data-id=\"1609d0e\" data-element_type=\"column\" data-e-type=\"column\">\n\t\t\t<div class=\"elementor-widget-wrap elementor-element-populated\">\n\t\t\t\t\t\t<div class=\"elementor-element elementor-element-ee9cab4 elementor-widget elementor-widget-text-editor\" data-id=\"ee9cab4\" data-element_type=\"widget\" data-e-type=\"widget\" id=\"gordanamilovanovic\" data-widget_type=\"text-editor.default\">\n\t\t\t\t<div class=\"elementor-widget-container\">\n\t\t\t\t\t\t\t\t\t<p><b>Gordana Milovanovi\u0107<\/b><b><br \/><\/b><\/p>\n<p><span style=\"font-weight: 400;\">Gordana Milovanovi\u0107 has a master&#8217;s degree in economics. She started her career in the field of social protection in 2005 at the Ministry of Labour, Employment and Social Policy and coordinated projects within this Ministry for many years. With her experience in the field of social protection, she contributed to the development of integral social protection, the improvement of professional work standards, the introduction of the licensing and accreditation system in social protection, as well as the development of social protection services in the Republic of Serbia.<\/span><span style=\"font-weight: 400;\"><br \/><\/span><span style=\"font-weight: 400;\"><br \/><\/span><span style=\"font-weight: 400;\">Gordana coordinated the Working Group on the &#8220;Integrated response to violence against women&#8221; project, which referred to the drafting of the Rulebook on minimum standards for the operation of the SOS telephone for women victims of violence; Coordinated and managed 14 tenders for the development of social services in the community worth ten million euros. She also participated in the development of standards for the provision of services and licensing of social welfare organizations. <\/span><span style=\"font-weight: 400;\"><br \/><\/span><span style=\"font-weight: 400;\"><br \/><\/span><span style=\"font-weight: 400;\">In all jobs, she was responsible for establishing vertical coordination between the central and local levels and encouraging cooperation between the social protection, health, and education sectors. In that process, she acquired basic knowledge about financial and cross-sectoral issues, relevant for the establishment of integral services in the community. It also cooperated with most local communities and ministries in Serbia, as well as with around two hundred civil society organizations. She was also part of the team that created the &#8220;Social Profile of Municipalities&#8221; database, which for years was on the website of the Ministry of Labor, Employment, and Social Policy.<\/span><span style=\"font-weight: 400;\"><br \/><\/span><span style=\"font-weight: 400;\"><br \/><\/span><span style=\"font-weight: 400;\">Since the establishment of the Center for Support and Inclusion &#8220;Help Net&#8221; in 2015, she and her team have implemented over 20 projects in the field of social protection, human and minority rights, as well as population policy. With her experience and work, she actively contributed to the functioning of the Working Group of the Government of the RS during the development of the Strategy for the Prevention and Protection of Children from Violence.<\/span><span style=\"font-weight: 400;\"><br \/><\/span><span style=\"font-weight: 400;\"><br \/><\/span><span style=\"font-weight: 400;\">Gordana is also a member of the board of directors of the Gerontological Society of Serbia and the president of the Belgrade Lions Club, which is a member of the International Lions Club Network, whose goal is to create a better society through humanitarian work, education and connecting successful people from different professional spheres.<\/span><span style=\"font-weight: 400;\"><br \/><\/span><span style=\"font-weight: 400;\"><br \/><\/span><span style=\"font-weight: 400;\">In recent years, he has also been actively engaged in publishing. On behalf of the association she manages, she published several researches under the name <\/span><a href=\"http:\/\/helpnet.rs\/wp-content\/uploads\/2019\/06\/Istrazivanje-o-uskladjivanju-rada-i-roditeljstva-F.pdf\"><span style=\"font-weight: 400;\">\u201cUskla\u0111ivanje rada i roditeljstva\u201d<\/span><\/a><span style=\"font-weight: 400;\">; <\/span><a href=\"http:\/\/helpnet.rs\/wp-content\/uploads\/2020\/02\/Unapredjenje-polozaja-neformalnih-negovatelja-istrazivanje.pdf\"><span style=\"font-weight: 400;\">\u201cUnapre\u0111enje polo\u017eaja neformalnih negovatelja u Republici Srbiji\u201d<\/span><\/a> <span style=\"font-weight: 400;\">as well as a manual<a href=\"http:\/\/helpnet.rs\/wp-content\/uploads\/2019\/10\/Ja-neformalni-negovatelj-165x235-F-CMYK%D1%84%D0%B8%D0%BD%D0%B0%D0%BB%D0%BD%D0%B0-%D0%B2%D0%B5%D1%80%D0%B7%D0%B8%D1%98%D0%B0.pdf\"><span style=\"font-weight: 400;\"> \u201cJa, neformalni negovatelj\u201d<\/span><\/a><span style=\"font-weight: 400;\">; <\/span><a href=\"http:\/\/helpnet.rs\/wp-content\/uploads\/2020\/08\/Percepcija-rodnih-uloga-i-dru%C5%A1tveno-prihvatljivih-obrazaca-pona%C5%A1anja.pdf\"><span style=\"font-weight: 400;\">\u201cPercepcija rodnih uloga i dru\u0161tveno prihvatljivih obrazaca pona\u0161anja od strane adolescenata mu\u0161kog pola\u201d<\/span><\/a><span style=\"font-weight: 400;\">; <\/span><a href=\"http:\/\/helpnet.rs\/wp-content\/uploads\/2020\/02\/Kuhinje-nacionalnih-manjina-screen.pdf\"><span style=\"font-weight: 400;\">Kuvar \u201cKuhinje nacionalnih manjina\u201d<\/span><\/a><span style=\"font-weight: 400;\">.<\/span><\/span><span style=\"font-weight: 400;\"><br \/><\/span><span style=\"font-weight: 400;\"><br \/><\/span><span style=\"font-weight: 400;\">As a mother of a female child, she successfully fights the challenges of balancing work and parenthood every day. For anyone who knows her, the first thing they notice when working with her or hanging out with her is her exceptional energy, which she selflessly shares when gathering colleagues and friends. He sincerely believes in teamwork, especially in giving young people the opportunity to show their abilities. He complements his long-term experience in the field of social protection through cooperation with a wide network of experts in this field, which contributes to approaching each, even the most complex professional challenge, with the highest degree of competence and dedication.<\/span><span style=\"font-weight: 400;\"><br \/><\/span><span style=\"font-weight: 400;\"><br \/><\/span><span style=\"font-weight: 400;\">Now, after more than a decade of dealing with social protection, she can say that it is her field of expertise, although until recently she thought that social policy found her, not the other way around.<\/span><\/p>\n\t\t\t\t\t\t\t\t<\/div>\n\t\t\t\t<\/div>\n\t\t\t\t\t<\/div>\n\t\t<\/div>\n\t\t\t\t\t<\/div>\n\t\t<\/section>\n\t\t\t\t<section class=\"elementor-section elementor-top-section elementor-element elementor-element-4bc0114 elementor-section-boxed elementor-section-height-default elementor-section-height-default\" data-id=\"4bc0114\" data-element_type=\"section\" data-e-type=\"section\">\n\t\t\t\t\t\t<div class=\"elementor-container elementor-column-gap-default\">\n\t\t\t\t\t<div class=\"elementor-column elementor-col-100 elementor-top-column elementor-element elementor-element-c48ef10\" data-id=\"c48ef10\" data-element_type=\"column\" data-e-type=\"column\">\n\t\t\t<div class=\"elementor-widget-wrap elementor-element-populated\">\n\t\t\t\t\t\t<div class=\"elementor-element elementor-element-10d370e elementor-widget elementor-widget-text-editor\" data-id=\"10d370e\" data-element_type=\"widget\" data-e-type=\"widget\" id=\"anakovacevic\" data-widget_type=\"text-editor.default\">\n\t\t\t\t<div class=\"elementor-widget-container\">\n\t\t\t\t\t\t\t\t\t<p><b style=\"font-style: inherit; color: var( --e-global-color-text ); letter-spacing: var( --e-global-typography-text-letter-spacing ); background-color: var( --e-global-color-4aec647 );\">Ana Kova\u010devi\u0107<\/b><\/p>\n<p><b><\/b><span style=\"font-weight: 400;\">Ana was born in Belgrade and has a wide range of interests, which led her to formal education in the field of biochemical engineering. In addition to biochemistry, she also has an affinity and experience in administrative affairs, as well as a heart for working with people, which led her to find her place in the Help Net team. <\/span><span style=\"font-weight: 400;\"><br \/><\/span><span style=\"font-weight: 400;\"><br \/><\/span><span style=\"font-weight: 400;\">Due to his communicativeness and ability to contribute to teamwork, and from the position of a team member with a general overview of tasks from the point of view of administration, she helps colleagues to complete tasks following the highest quality standards.<\/span><span style=\"font-weight: 400;\"><br \/><\/span><span style=\"font-weight: 400;\"><br \/><\/span><span style=\"font-weight: 400;\">Ana is also a mother, who successfully balances parenthood and work.<\/span><\/p>\n\t\t\t\t\t\t\t\t<\/div>\n\t\t\t\t<\/div>\n\t\t\t\t\t<\/div>\n\t\t<\/div>\n\t\t\t\t\t<\/div>\n\t\t<\/section>\n\t\t\t\t<section class=\"elementor-section elementor-top-section elementor-element elementor-element-69d533e elementor-section-boxed elementor-section-height-default elementor-section-height-default\" data-id=\"69d533e\" data-element_type=\"section\" data-e-type=\"section\">\n\t\t\t\t\t\t<div class=\"elementor-container elementor-column-gap-default\">\n\t\t\t\t\t<div class=\"elementor-column elementor-col-100 elementor-top-column elementor-element elementor-element-ea6a041\" data-id=\"ea6a041\" data-element_type=\"column\" data-e-type=\"column\">\n\t\t\t<div class=\"elementor-widget-wrap elementor-element-populated\">\n\t\t\t\t\t\t<div class=\"elementor-element elementor-element-e48d7ac elementor-widget elementor-widget-text-editor\" data-id=\"e48d7ac\" data-element_type=\"widget\" data-e-type=\"widget\" id=\"dankadjukic\" data-widget_type=\"text-editor.default\">\n\t\t\t\t<div class=\"elementor-widget-container\">\n\t\t\t\t\t\t\t\t\t<p><b style=\"font-style: inherit; color: var( --e-global-color-text ); letter-spacing: var( --e-global-typography-text-letter-spacing ); background-color: var( --e-global-color-4aec647 );\">Danka \u0110uki\u0107<\/b><b><\/b><\/p>\n<p><span style=\"font-weight: 400;\">Danka graduated from the Faculty of Political Sciences, Department of Social Policy and Social Work. After that, she obtained her master&#8217;s degree in the field of social work in 2016, and in the same year, she obtained a license to perform basic professional social protection work.<\/span><span style=\"font-weight: 400;\"><br \/><\/span><span style=\"font-weight: 400;\"><br \/><\/span><span style=\"font-weight: 400;\">After completing her academic studies, she directed her involvement mainly in the field of child protection, first in the public, and then in the non-governmental sector. She then focused on working with the adult and elderly population in the social protection system, specifically in Help Net. It was her work with different age categories in the social protection system, in different ways, that enabled her to better know and understand professional procedures and work dynamics, as well as the diversity of human nature in certain situational circumstances. She also participated in the development of numerous project proposals, their implementation and reporting, and coordination with the organization&#8217;s programs. In addition to coordinating the program part, she is familiar with public relations and cooperation with the media. <\/span><span style=\"font-weight: 400;\"><br \/><\/span><span style=\"font-weight: 400;\">The areas in which she was most engaged during the implementation of project activities were the development of social protection services and the protection of vulnerable social groups from violence. She also participated in conducting research in the field of human and minority rights protection, both at the national and lower, local levels.<\/span><span style=\"font-weight: 400;\"><br \/><\/span><span style=\"font-weight: 400;\"><br \/><\/span><span style=\"font-weight: 400;\">Danka has and is developing aspirations towards psychotherapy, human resource development and management, as well as graphic design. in her free time, she enjoys exploring his creativity and developing photographs.<\/span><\/p>\n<p><span style=\"font-weight: 400;\"><br \/><\/span><span style=\"font-weight: 400;\"><br \/><\/span><span style=\"font-weight: 400;\">She exceptionally nurtures a just outcome in interpersonal relations and highlights solidarity and understanding as significant values \u200b\u200bin interactions. One of the quotes whose content he identifies with is &#8220;It doesn&#8217;t matter how slowly you move as long as you don&#8217;t stop&#8221;, but he believes that steps should be increased when walking and changes for the better in the social protection system should be made.<\/span><\/p>\n\t\t\t\t\t\t\t\t<\/div>\n\t\t\t\t<\/div>\n\t\t\t\t\t<\/div>\n\t\t<\/div>\n\t\t\t\t\t<\/div>\n\t\t<\/section>\n\t\t\t\t<section class=\"elementor-section elementor-top-section elementor-element elementor-element-ae254b0 elementor-section-boxed elementor-section-height-default elementor-section-height-default\" data-id=\"ae254b0\" data-element_type=\"section\" data-e-type=\"section\">\n\t\t\t\t\t\t<div class=\"elementor-container elementor-column-gap-default\">\n\t\t\t\t\t<div class=\"elementor-column elementor-col-100 elementor-top-column elementor-element elementor-element-2c6a649\" data-id=\"2c6a649\" data-element_type=\"column\" data-e-type=\"column\">\n\t\t\t<div class=\"elementor-widget-wrap elementor-element-populated\">\n\t\t\t\t\t\t<div class=\"elementor-element elementor-element-b69df66 elementor-widget elementor-widget-text-editor\" data-id=\"b69df66\" data-element_type=\"widget\" data-e-type=\"widget\" id=\"drazenzacero\" data-widget_type=\"text-editor.default\">\n\t\t\t\t<div class=\"elementor-widget-container\">\n\t\t\t\t\t\t\t\t\t<p><b>Dra\u017een Zacero<\/b><\/p>\n<p><span style=\"font-weight: 400;\">Growing up in the countryside, Dra\u017een decided to become an aircraft mechanic and a lawyer at only 12 years old, which may seem like a strange combination, but when you are a child, anything is possible. Although his dream of becoming an aircraft mechanic did not come true, he still graduated from the Faculty of Law in Belgrade and today lives and works in Belgrade. In the meantime, he started to deal with social innovations, and he especially likes to implement them where there are none, ie. to change seemingly immutable systems in ways no one has thought of before.<\/span><\/p>\n<p><span style=\"font-weight: 400;\">An incredible life experience and a wide range of interests such as transformative leadership, digital transformation, social marketing, history, legal science, social policy, social protection, innovation, violence prevention, development and project management, social impact, and others, make who Dra\u017een is today. <\/span><\/p>\n<p><span style=\"font-weight: 400;\">He enjoys working with children and young people the most, an area that has been part of him since he was fourteen. Dra\u017een thus developed from the position of the user of the youth work program and social protection system to the position of coordinator of programs for children and youth. At Help Net, he chose to work in the project development and social innovation sector, because he has more than 15 years of experience in the civil sector and has the perspective of users and project managers, as well as excellent cooperation with the public and private sectors.<\/span><\/p>\n<p><span style=\"font-weight: 400;\">Dra\u017een has many years of domestic and international experience in project management of the non-profit sector. His knowledge was acquired from the best experts for the preparation of projects for European funds (he learned from the program director at BOSH and a specialist in fundraising to EU experts who are the architects of IPA2), and he developed the practice of project management through the experience of cooperation with UN agencies and numerous other donors.<\/span><\/p>\n<p><span style=\"font-weight: 400;\">In addition to the non-profit sector, in recent years Dra\u017een has also been active in the business sector from the position of monitoring innovations in the financial industry for the international company Projective based in Brussels. He has wherefrom decided to devote himself to Helpnet and his first love- social work and to youth work.<\/span><span style=\"font-weight: 400;\"><br \/><\/span><span style=\"font-weight: 400;\"><br \/><\/span><span style=\"font-weight: 400;\">The field of social innovation requires broad interests, the ability to think divergently for new ideas, accessibility, openness, passion, and constant energy for acquiring new competencies and modern skills.<\/span><\/p>\n<p><span style=\"font-weight: 400;\">A person with this personality profile manages to adapt to new generations and to keep up to date with the current problems and needs of children and young people, which can be seen in her work with children and young people, where she draws energy and contact with young people.<\/span><\/p>\n<p><span style=\"font-weight: 400;\">Dra\u017een believes that he is a person who is not afraid to do things differently and is not afraid of the new and unknown. Dra\u017een believes that he is a person who is not afraid to do things differently and is not afraid of the new and unknown. So he hopes that everything he does today and his activity on numerous projects will make him one of those pensioners who are very witty, and at the age of 80, they follow and use technology and talk to children through mobile applications.<\/span><\/p>\n\t\t\t\t\t\t\t\t<\/div>\n\t\t\t\t<\/div>\n\t\t\t\t\t<\/div>\n\t\t<\/div>\n\t\t\t\t\t<\/div>\n\t\t<\/section>\n\t\t\t\t<section class=\"elementor-section elementor-top-section elementor-element elementor-element-fecf612 elementor-section-boxed elementor-section-height-default elementor-section-height-default\" data-id=\"fecf612\" data-element_type=\"section\" data-e-type=\"section\">\n\t\t\t\t\t\t<div class=\"elementor-container elementor-column-gap-default\">\n\t\t\t\t\t<div class=\"elementor-column elementor-col-100 elementor-top-column elementor-element elementor-element-090fdf7\" data-id=\"090fdf7\" data-element_type=\"column\" data-e-type=\"column\">\n\t\t\t<div class=\"elementor-widget-wrap elementor-element-populated\">\n\t\t\t\t\t\t<div class=\"elementor-element elementor-element-0933cdf elementor-widget elementor-widget-text-editor\" data-id=\"0933cdf\" data-element_type=\"widget\" data-e-type=\"widget\" id=\"tanjadjuricmikuljanac\" data-widget_type=\"text-editor.default\">\n\t\t\t\t<div class=\"elementor-widget-container\">\n\t\t\t\t\t\t\t\t\t<p><b>Tanja \u0110uri\u0107 Mikuljanac<\/b><\/p>\n<p><span style=\"font-weight: 400;\">Tanja has many years of experience in administrative affairs, which she gained by working in the state administration. She joined the Help Net team in mid-2020 with the desire to learn and accept new knowledge and experiences.<\/span><span style=\"font-weight: 400;\"><br \/><\/span><span style=\"font-weight: 400;\"><br \/><\/span><span style=\"font-weight: 400;\">Aware that life and work are not uniform and molded, she has developed active listening skills, and her advice is gladly listened to and accepted by team members. He believes that teamwork is improved through cooperation and communication, thus contributing to professional success.<\/span><\/p>\n<p><span style=\"font-weight: 400;\">Tanja likes to travel, and in her free time, she indulges in reading her favorite book. She is responsible for a nice atmosphere in the office because she is there to remind you that you work better with music, and she says that listening to music is her important stimulation and motivation during the day.<\/span><\/p>\n\t\t\t\t\t\t\t\t<\/div>\n\t\t\t\t<\/div>\n\t\t\t\t\t<\/div>\n\t\t<\/div>\n\t\t\t\t\t<\/div>\n\t\t<\/section>\n\t\t\t\t<section class=\"elementor-section elementor-top-section elementor-element elementor-element-b44ecd0 elementor-section-boxed elementor-section-height-default elementor-section-height-default\" data-id=\"b44ecd0\" data-element_type=\"section\" data-e-type=\"section\">\n\t\t\t\t\t\t<div class=\"elementor-container elementor-column-gap-default\">\n\t\t\t\t\t<div class=\"elementor-column elementor-col-100 elementor-top-column elementor-element elementor-element-5c9e53a\" data-id=\"5c9e53a\" data-element_type=\"column\" data-e-type=\"column\">\n\t\t\t<div class=\"elementor-widget-wrap elementor-element-populated\">\n\t\t\t\t\t\t<div class=\"elementor-element elementor-element-5cd1d56 elementor-widget elementor-widget-text-editor\" data-id=\"5cd1d56\" data-element_type=\"widget\" data-e-type=\"widget\" id=\"vladimirjovanovic\" data-widget_type=\"text-editor.default\">\n\t\t\t\t<div class=\"elementor-widget-container\">\n\t\t\t\t\t\t\t\t\t<p><b>Vladimir Jovanovi\u0107<\/b><\/p>\n<p><span style=\"font-weight: 400;\">Vladimir grew up in Loznica and has been living and working in Belgrade for ten years. He completed basic studies in Social Policy and Social Work and master&#8217;s studies in Social Work at the Faculty of Political Sciences, University of Belgrade. He enjoys working with people and especially focuses on improving the position of various categories of the vulnerable population. Thus, he was a participant in the implementation of many domestic and international projects in the field of social protection and education.<\/span><\/p>\n<p><span style=\"font-weight: 400;\">From 2015 to 2017, he worked as an associate demonstrator at the Faculty of Political Sciences &#8211; Department of Social Work, on the subjects of Social Pathology, Social Work in the Community, and Advocacy in Social Work. He was also periodically engaged in the courses Introduction to Psychology, Developmental Psychology, Gerontology, and Social Rehabilitation.<\/span><\/p>\n<p><span style=\"font-weight: 400;\">He is the co-author of the training program for professional workers in the social protection system, entitled &#8220;Realization of human rights of persons with mental and intellectual disabilities&#8221;, which is accredited by the Republic Institute for Social Protection.<\/span><\/p>\n<p><span style=\"font-weight: 400;\">He holds a license to perform basic professional work in social protection, issued by the Chamber of Social Protection under registration number RO &#8211; 4336\/2017 &#8211; I, and is a member of the Chamber of Social Protection of Serbia.<\/span><\/p>\n<p><span style=\"font-weight: 400;\">He applies his academic experience and practice every day in his work at Help Net, trying to improve his knowledge and skills through cooperation with eminent experts in the field of social protection. As a member of the Help Net team, he coordinated the project &#8220;Supporting the advancement of the strategic framework for child protection from violence in Serbia&#8221;, which is an integral part of the IPA II project Protection of Children from violence and Promotion of Social inclusion of children with developmental disabilities in the countries of the Western Balkans and Turkey. The project was implemented in cooperation with the Ministry of Labour, Employment, Veterans and Social Affairs, and UNICEF. <\/span><\/p>\n<p><span style=\"font-weight: 400;\">In addition to numerous professional interests, Vladimir is also a passionate sports fan, from football and basketball to martial arts and sports.<\/span><\/p>\n\t\t\t\t\t\t\t\t<\/div>\n\t\t\t\t<\/div>\n\t\t\t\t\t<\/div>\n\t\t<\/div>\n\t\t\t\t\t<\/div>\n\t\t<\/section>\n\t\t\t\t<section class=\"elementor-section elementor-top-section elementor-element elementor-element-fa9f982 elementor-section-boxed elementor-section-height-default elementor-section-height-default\" data-id=\"fa9f982\" data-element_type=\"section\" data-e-type=\"section\">\n\t\t\t\t\t\t<div class=\"elementor-container elementor-column-gap-default\">\n\t\t\t\t\t<div class=\"elementor-column elementor-col-100 elementor-top-column elementor-element elementor-element-ac69bfc\" data-id=\"ac69bfc\" data-element_type=\"column\" data-e-type=\"column\">\n\t\t\t<div class=\"elementor-widget-wrap elementor-element-populated\">\n\t\t\t\t\t\t<div class=\"elementor-element elementor-element-1177ee8 elementor-widget elementor-widget-text-editor\" data-id=\"1177ee8\" data-element_type=\"widget\" data-e-type=\"widget\" id=\"vukasinmladjenovic\" data-widget_type=\"text-editor.default\">\n\t\t\t\t<div class=\"elementor-widget-container\">\n\t\t\t\t\t\t\t\t\t<p><b>Vuka\u0161in Mla\u0111enovi\u0107<\/b><\/p>\n<p><span style=\"font-weight: 400;\">Vuka\u0161in Mla\u0111enovi\u0107 is an enthusiastic general manager with over 7 years of experience working in a leadership team, and with over 13 years of working with people in various positions. Although he completed basic and master&#8217;s studies in the field of landscape architecture at the University of Belgrade, he directed his career towards project management and expanded his experience on three continents, working both in corporations and in startup companies. <\/span><\/p>\n<p><span style=\"font-weight: 400;\">He has been building experience for years, through numerous educations and various projects and jobs, both in the field of landscape architecture and in the field of management. He also completed a master&#8217;s degree in the field of project management at the University of Belgrade and was additionally educated at Harvard Business School on the topic of human health and global changes. <\/span><\/p>\n<p><span style=\"font-weight: 400;\">Vuka\u0161in joined the Help Net team with the desire to improve and share his communication, organization, training, and coaching talents with our team and use them to improve work on various projects.<\/span><\/p>\n<p><span style=\"font-weight: 400;\">Vuka\u0161in is in charge of positive energy and motivation among the team. In addition to numerous interests in the business world, he is also a great gourmet, a passionate creative person, and someone the team can rely on at all times.<\/span><\/p>\n\t\t\t\t\t\t\t\t<\/div>\n\t\t\t\t<\/div>\n\t\t\t\t\t<\/div>\n\t\t<\/div>\n\t\t\t\t\t<\/div>\n\t\t<\/section>\n\t\t\t\t<section class=\"elementor-section elementor-top-section elementor-element elementor-element-ce40657 elementor-section-boxed elementor-section-height-default elementor-section-height-default\" data-id=\"ce40657\" data-element_type=\"section\" data-e-type=\"section\">\n\t\t\t\t\t\t<div class=\"elementor-container elementor-column-gap-default\">\n\t\t\t\t\t<div class=\"elementor-column elementor-col-100 elementor-top-column elementor-element elementor-element-9066c27\" data-id=\"9066c27\" data-element_type=\"column\" data-e-type=\"column\">\n\t\t\t<div class=\"elementor-widget-wrap elementor-element-populated\">\n\t\t\t\t\t\t<div class=\"elementor-element elementor-element-6ddd5e6 elementor-widget elementor-widget-text-editor\" data-id=\"6ddd5e6\" data-element_type=\"widget\" data-e-type=\"widget\" id=\"marijamilivojevicsuljagic\" data-widget_type=\"text-editor.default\">\n\t\t\t\t<div class=\"elementor-widget-container\">\n\t\t\t\t\t\t\t\t\t<p><b>Marija Milivojevi\u0107 \u0160uljagi\u0107<\/b><\/p>\n<p><span style=\"font-weight: 400;\">Since the beginning of her career, Marija has been working as a social worker. She completed her basic studies at the Faculty of Political Sciences, University of Belgrade as a social worker, and her master&#8217;s studies at the Faculty of Law in Pri\u0161tina.<\/span><span style=\"font-weight: 400;\"><br \/><\/span><span style=\"font-weight: 400;\"><br \/><\/span><span style=\"font-weight: 400;\">She started her career as a guard at the Center for the Protection of Children and Youth in Zve\u010danska. As she desired to work with people and to focus especially on working with children and young people, from 2014 to 2017 she worked at the Impuls Day Center, with children with developmental disabilities and their parents. Treatments in early development, creative workshops, and support through therapy, conversation, and consultations are just some of the interests and skills she has acquired working with young people.<\/span><\/p>\n<p><span style=\"font-weight: 400;\">In the same period, until 2022, Marija provided support to seniors through consultations and inclusion in the Home for Old Retired Persons Jela, as a social worker.<\/span><\/p>\n<p><span style=\"font-weight: 400;\">Marija has a license to perform work in social care, and during her career, she has undergone numerous educations &#8211; for working with children such as a Montessori educator but also acquired basic knowledge of sign language from the UTLOSS branch, the Association for Interpreters for the Hearing Impaired of Serbia, a person with disabilities in Serbia.<\/span><\/p>\n\t\t\t\t\t\t\t\t<\/div>\n\t\t\t\t<\/div>\n\t\t\t\t\t<\/div>\n\t\t<\/div>\n\t\t\t\t\t<\/div>\n\t\t<\/section>\n\t\t\t\t<\/div>\n\t\t","protected":false},"excerpt":{"rendered":"<p>Biographies Gordana Milovanovi\u0107 Gordana Milovanovi\u0107 has a master&#8217;s degree in economics. She started her career in the field of social protection in 2005 at the Ministry of Labour, Employment and Social Policy and coordinated projects within this Ministry for many years. With her experience in the field of social protection, she contributed to the development [&hellip;]<\/p>\n","protected":false},"author":1,"featured_media":7904,"parent":0,"menu_order":0,"comment_status":"closed","ping_status":"closed","template":"","meta":{"site-sidebar-layout":"no-sidebar","site-content-layout":"page-builder","ast-site-content-layout":"default","site-content-style":"default","site-sidebar-style":"default","ast-global-header-display":"","ast-banner-title-visibility":"","ast-main-header-display":"","ast-hfb-above-header-display":"","ast-hfb-below-header-display":"","ast-hfb-mobile-header-display":"","site-post-title":"disabled","ast-breadcrumbs-content":"","ast-featured-img":"disabled","footer-sml-layout":"","ast-disable-related-posts":"","theme-transparent-header-meta":"default","adv-header-id-meta":"","stick-header-meta":"","header-above-stick-meta":"","header-main-stick-meta":"","header-below-stick-meta":"","astra-migrate-meta-layouts":"default","ast-page-background-enabled":"default","ast-page-background-meta":{"desktop":{"background-color":"var(--ast-global-color-4)","background-image":"","background-repeat":"repeat","background-position":"center center","background-size":"auto","background-attachment":"scroll","background-type":"","background-media":"","overlay-type":"","overlay-color":"","overlay-opacity":"","overlay-gradient":""},"tablet":{"background-color":"","background-image":"","background-repeat":"repeat","background-position":"center center","background-size":"auto","background-attachment":"scroll","background-type":"","background-media":"","overlay-type":"","overlay-color":"","overlay-opacity":"","overlay-gradient":""},"mobile":{"background-color":"","background-image":"","background-repeat":"repeat","background-position":"center center","background-size":"auto","background-attachment":"scroll","background-type":"","background-media":"","overlay-type":"","overlay-color":"","overlay-opacity":"","overlay-gradient":""}},"ast-content-background-meta":{"desktop":{"background-color":"var(--ast-global-color-5)","background-image":"","background-repeat":"repeat","background-position":"center center","background-size":"auto","background-attachment":"scroll","background-type":"","background-media":"","overlay-type":"","overlay-color":"","overlay-opacity":"","overlay-gradient":""},"tablet":{"background-color":"var(--ast-global-color-5)","background-image":"","background-repeat":"repeat","background-position":"center center","background-size":"auto","background-attachment":"scroll","background-type":"","background-media":"","overlay-type":"","overlay-color":"","overlay-opacity":"","overlay-gradient":""},"mobile":{"background-color":"var(--ast-global-color-5)","background-image":"","background-repeat":"repeat","background-position":"center center","background-size":"auto","background-attachment":"scroll","background-type":"","background-media":"","overlay-type":"","overlay-color":"","overlay-opacity":"","overlay-gradient":""}},"footnotes":""},"class_list":["post-8230","page","type-page","status-publish","has-post-thumbnail","hentry"],"_links":{"self":[{"href":"https:\/\/helpnet.rs\/en\/wp-json\/wp\/v2\/pages\/8230","targetHints":{"allow":["GET"]}}],"collection":[{"href":"https:\/\/helpnet.rs\/en\/wp-json\/wp\/v2\/pages"}],"about":[{"href":"https:\/\/helpnet.rs\/en\/wp-json\/wp\/v2\/types\/page"}],"author":[{"embeddable":true,"href":"https:\/\/helpnet.rs\/en\/wp-json\/wp\/v2\/users\/1"}],"replies":[{"embeddable":true,"href":"https:\/\/helpnet.rs\/en\/wp-json\/wp\/v2\/comments?post=8230"}],"version-history":[{"count":1,"href":"https:\/\/helpnet.rs\/en\/wp-json\/wp\/v2\/pages\/8230\/revisions"}],"predecessor-version":[{"id":8231,"href":"https:\/\/helpnet.rs\/en\/wp-json\/wp\/v2\/pages\/8230\/revisions\/8231"}],"wp:featuredmedia":[{"embeddable":true,"href":"https:\/\/helpnet.rs\/en\/wp-json\/wp\/v2\/media\/7904"}],"wp:attachment":[{"href":"https:\/\/helpnet.rs\/en\/wp-json\/wp\/v2\/media?parent=8230"}],"curies":[{"name":"wp","href":"https:\/\/api.w.org\/{rel}","templated":true}]}}